{"version":"1.0","provider_name":"Mikl\u00f3s TV","provider_url":"https:\/\/miklostv.com\/new","title":"V\u00c1LTOZ\u00c1S A POLG\u00c1RMESTERI HIVATAL M\u0170K\u00d6D\u00c9SI RENDJ\u00c9BEN - Mikl\u00f3s TV","type":"rich","width":600,"height":338,"html":"<blockquote class=\"wp-embedded-content\" data-secret=\"CUDJSWja3H\"><a href=\"https:\/\/miklostv.com\/new\/2020\/11\/05\/valtozas-a-polgarmesteri-hivatal-mukodesi-rendjeben\/\">V\u00c1LTOZ\u00c1S A POLG\u00c1RMESTERI HIVATAL M\u0170K\u00d6D\u00c9SI RENDJ\u00c9BEN<\/a><\/blockquote><iframe sandbox=\"allow-scripts\" security=\"restricted\" src=\"https:\/\/miklostv.com\/new\/2020\/11\/05\/valtozas-a-polgarmesteri-hivatal-mukodesi-rendjeben\/embed\/#?secret=CUDJSWja3H\" width=\"600\" height=\"338\" title=\"&#8220;V\u00c1LTOZ\u00c1S A POLG\u00c1RMESTERI HIVATAL M\u0170K\u00d6D\u00c9SI RENDJ\u00c9BEN&#8221; &#8212; Mikl\u00f3s TV\" data-secret=\"CUDJSWja3H\" frameborder=\"0\" marginwidth=\"0\" marginheight=\"0\" scrolling=\"no\" class=\"wp-embedded-content\"><\/iframe><script type=\"text\/javascript\">\n\/* <![CDATA[ *\/\n\/*! This file is auto-generated *\/\n!function(d,l){\"use strict\";l.querySelector&&d.addEventListener&&\"undefined\"!=typeof URL&&(d.wp=d.wp||{},d.wp.receiveEmbedMessage||(d.wp.receiveEmbedMessage=function(e){var t=e.data;if((t||t.secret||t.message||t.value)&&!\/[^a-zA-Z0-9]\/.test(t.secret)){for(var s,r,n,a=l.querySelectorAll('iframe[data-secret=\"'+t.secret+'\"]'),o=l.querySelectorAll('blockquote[data-secret=\"'+t.secret+'\"]'),c=new RegExp(\"^https?:$\",\"i\"),i=0;i<o.length;i++)o[i].style.display=\"none\";for(i=0;i<a.length;i++)s=a[i],e.source===s.contentWindow&&(s.removeAttribute(\"style\"),\"height\"===t.message?(1e3<(r=parseInt(t.value,10))?r=1e3:~~r<200&&(r=200),s.height=r):\"link\"===t.message&&(r=new URL(s.getAttribute(\"src\")),n=new URL(t.value),c.test(n.protocol))&&n.host===r.host&&l.activeElement===s&&(d.top.location.href=t.value))}},d.addEventListener(\"message\",d.wp.receiveEmbedMessage,!1),l.addEventListener(\"DOMContentLoaded\",function(){for(var e,t,s=l.querySelectorAll(\"iframe.wp-embedded-content\"),r=0;r<s.length;r++)(t=(e=s[r]).getAttribute(\"data-secret\"))||(t=Math.random().toString(36).substring(2,12),e.src+=\"#?secret=\"+t,e.setAttribute(\"data-secret\",t)),e.contentWindow.postMessage({message:\"ready\",secret:t},\"*\")},!1)))}(window,document);\n\/\/# sourceURL=https:\/\/miklostv.com\/new\/wp-includes\/js\/wp-embed.min.js\n\/* ]]> *\/\n<\/script>\n","thumbnail_url":"https:\/\/miklostv.com\/new\/wp-content\/uploads\/2019\/12\/varoshaza_testuleti_cikkbe.jpg","thumbnail_width":1024,"thumbnail_height":536,"description":"A 478\/2020.(XI.3) Korm.rendelettel kihirdetett vesz\u00e9lyhelyzet idej\u00e9n a T\u00f6r\u00f6kszentmikl\u00f3si Polg\u00e1rmesteri Hivatal m\u0171k\u00f6d\u00e9si rendje a mai napt\u00f3l megv\u00e1ltozik. Az \u00faj m\u0171k\u00f6d\u00e9si rendet a 7\/2020. (XI.4.) jegyz\u0151i utas\u00edt\u00e1s tartalmazza. &#8211; olvashat\u00f3 Mark\u00f3t Imre polg\u00e1rmester facebook-posztj\u00e1ban. Az eddigi m\u0171k\u00f6d\u00e9shez k\u00e9pest a legfontosabb v\u00e1ltoz\u00e1sok a k\u00f6vetkez\u0151k: a szok\u00e1sos, \u00e1ltal\u00e1nos szab\u00e1lyok szerinti \u00fcgyint\u00e9z\u00e9s \u00e9s \u00fcgyf\u00e9lfogad\u00e1s sz\u00fcnetel, arra csak k\u00fcl\u00f6n\u00f6sen indokolt esetben, az \u00fcgyint\u00e9z\u0151vel val\u00f3 el\u0151zetes egyeztet\u00e9st k\u00f6vet\u0151en ker\u00fclhet sor.&nbsp;Az \u00fcgyfelek \u00fcgyeiket els\u0151sorban \u00edr\u00e1sban (elektronikus \u00faton, lev\u00e9lben), illetve telefonon kereszt\u00fcl int\u00e9zhetik.&nbsp; a szem\u00e9lyes \u00fcgyint\u00e9z\u00e9st ig\u00e9nyl\u0151 esetben egy hivatali helyis\u00e9gben legfeljebb k\u00e9t \u00fcgyf\u00e9l lehet jelen \u00e9s az \u00fcgyint\u00e9z\u00e9s&hellip;"}